{"id":56,"date":"2015-11-03T23:05:54","date_gmt":"2015-11-03T22:05:54","guid":{"rendered":"http:\/\/isabellelassegue.com\/?page_id=56"},"modified":"2024-02-25T20:03:13","modified_gmt":"2024-02-25T19:03:13","slug":"constellation-systemique","status":"publish","type":"page","link":"https:\/\/isabellelassegue.com\/index.php\/constellation-systemique\/","title":{"rendered":"Constellation Familiale &#8211; Professionnelle et Syst\u00e9mique"},"content":{"rendered":"<p style=\"text-align: center;\"><a href=\"https:\/\/isabellelassegue.com\/wp-content\/uploads\/2015\/11\/la-famille.jpg\"><img loading=\"lazy\" class=\"alignnone wp-image-220\" src=\"https:\/\/isabellelassegue.com\/wp-content\/uploads\/2015\/11\/la-famille.jpg\" alt=\"la famille\" width=\"244\" height=\"193\" \/><\/a><\/p>\n<p><strong>Constellation Familiale &#8211; Professionnelle et\u00a0 Syst\u00e9mique<\/strong><\/p>\n<p>Nous faisons partie de diff\u00e9rents syst\u00e8mes : familial, professionnel (entreprise, \u00e9quipe, association,&#8230;), amical\u2026<br \/>\nParfois, un syst\u00e8me se grippe, se bloque. D\u2019anciens conflits non r\u00e9solus se r\u00e9p\u00e8tent et nous aveuglent.<\/p>\n<p>La constellation syst\u00e9mique d\u00e9c\u00e8le et d\u00e9noue ces blocages inconscients rapidement.<\/p>\n<p>Elle restaure l\u2019\u00e9quilibre et le flux de la vie.<\/p>\n<p>La constellation, familiale ou professionnelle, utilise la repr\u00e9sentation dans l\u2019espace du probl\u00e8me v\u00e9cu dans un syst\u00e8me.<\/p>\n<p>Ainsi mis en perspective, le probl\u00e8me prend une dimension diff\u00e9rente, il est \u00ab\u00a0visible\u00a0\u00bb, \u00ab\u00a0palpable\u00a0\u00bb.<\/p>\n<p>Lors d\u2019une <b>constellation familiale ou professionnelle<\/b>, il y a un \u00abconstell\u00e9\u00a0\u00bb, celui qui pose le probl\u00e8me et des \u00abrepr\u00e9sentants\u00bb.<\/p>\n<p>Le \u00ab\u00a0constell\u00e9\u00a0\u00bb pose le probl\u00e8me et choisit parmi les \u00ab\u00a0repr\u00e9sentants\u00a0\u00bb ceux qui repr\u00e9sentent les protagonistes du probl\u00e8me.<\/p>\n<p>Il les positionne dans l\u2019espace.<\/p>\n<p>Le ressenti des repr\u00e9sentants fait peu \u00e0 peu \u00e9merger les v\u00e9ritables enjeux relationnels.<br \/>\nL\u2019origine du blocage et sa voie de r\u00e9solution apparaissent.<br \/>\nLa remise en ordre symbolique du syst\u00e8me relationnel redonne sens et coh\u00e9rence\u00a0 \u00e0 ce qui a \u00e9t\u00e9 v\u00e9cu.<\/p>\n<blockquote><p>\u00ab\u00a0Rien n&rsquo;existe jamais tout \u00e0 fait ind\u00e9pendamment du reste. Tout est en lien avec tout. Quelque soit le lieu o\u00f9 tu vis, il constitue ton temple, pour autant que tu le consid\u00e8res. comme tel. Si les membres de la\u00a0famille s&rsquo;aiment tendrement, la maison sera un beau jardin fleuri. \u00a0Mais si ces esprits ne sont pas en harmonie les uns avec les autres, c\u2019est comme si une temp\u00eate ravageait le jardin. Nous ne sommes pas ind\u00e9pendants mais interd\u00e9pendants.\u00a0\u00bb Bouddha<\/p><\/blockquote>\n<p><b>Consultez les dates des prochains <\/b><u><b><a href=\"https:\/\/isabellelassegue.com\/index.php\/157-2\/\" target=\"_blank\" rel=\"noopener\">ateliers de constellation familiale ou professionnelle<\/a><br \/>\n<\/b><\/u><\/p>\n<p><b>Il est possible de r\u00e9aliser une s\u00e9ance individuelle \u00e0 l\u2019aide de <\/b><b>supports <\/b><b>vari\u00e9s\u00a0\u00a0 <\/b><\/p>\n<p><b>S\u00e9ance individuelle th\u00e9rapeutique : <\/b><b>1H30<\/b> &#8211; 70 \u20ac<\/p>\n<p><strong>Journ\u00e9e en groupe : <\/strong>70\u20ac pour poser une probl\u00e9matique <strong>&#8211; <\/strong>40\u20ac pour observer et\/ou repr\u00e9senter<\/p>\n<p><strong>Origines et quelques r\u00e9f\u00e9rences :\u00a0<\/strong><\/p>\n<p><strong><em>Ces th\u00e9rapies qui soignent la famille : \u00a0<\/em><\/strong><em>D\u00e8s 1913, dans\u00a0<\/em><em>Totem et Tabou<\/em><em>, Sigmund Freud \u00e9voquait la possibilit\u00e9 de la transmission d\u2019une faute, de g\u00e9n\u00e9ration en g\u00e9n\u00e9ration. Par la suite, le psychiatre am\u00e9ricain Jacob Levy Moreno, cr\u00e9ateur du psychodrame, les psychanalystes Nicolas Abraham, Maria T\u00f6r\u00f6k ou encore Didier Dumas se sont int\u00e9ress\u00e9s aux dynamiques inconscientes de la famille. Par ailleurs, sous l\u2019impulsion du psychologue am\u00e9ricain Gregory Bateson, puis de l\u2019\u00e9cole de Palo Alto, la th\u00e9rapie familiale syst\u00e9mique viendra aider \u00e0 l\u2019identification et \u00e0 la modification des r\u00f4les de chacun dans le syst\u00e8me familial.\u00a0<\/em><em>C\u2019est \u00e0 la psychoth\u00e9rapeute Anne Ancelin Sch\u00fctzenberger, auteure du best-seller\u00a0<\/em><em>A\u00efe, mes a\u00efeux !<\/em><em>, que l\u2019on doit la cr\u00e9ation de la psychog\u00e9n\u00e9alogie transg\u00e9n\u00e9rationnelle. Une m\u00e9thode qui repose sur des concepts tels que \u00ab le syndrome d\u2019anniversaire \u00bb (ces dates qui font sens dans une m\u00eame famille) et les loyaut\u00e9s familiales inconscientes. Avec un \u00ab g\u00e9nosociogramme \u00bb, arbre g\u00e9n\u00e9alogique constitu\u00e9 des faits marquants sur plusieurs g\u00e9n\u00e9rations, elle \u00e9tudie les r\u00e9p\u00e9titions et met au jour les r\u00e9sonances entre les \u00e9v\u00e9nements pass\u00e9s et nos propres blocages.<\/em><\/p>\n<p><em>Autre approche : la th\u00e9rapie de groupe des constellations familiales, fond\u00e9es par Bert Hellinger, psychoth\u00e9rapeute allemand. Elle propose de rejouer, au sein du groupe, l\u2019histoire familiale et d\u2019en r\u00e9v\u00e9ler les noeuds, premier pas pour mettre un terme \u00e0 des sc\u00e9narios r\u00e9p\u00e9titifs douloureux.<\/em><\/p>\n<p><strong><em><a href=\"http:\/\/www.psychologies.com\/Therapies\/Developpement-personnel\/Epanouissement\/Articles-et-Dossiers\/Se-liberer-de-son-passe2\/J-ai-suivi-un-stage-de-constellations-familiales\/4Je-mets-en-place-ma-constellation\" target=\"_blank\" rel=\"noopener\">Extrait de psychologie.com<\/a> <\/em><\/strong><\/p>\n<p><strong>Les traumatismes se transmettent de g\u00e9n\u00e9ration en g\u00e9n\u00e9ration<\/strong><\/p>\n<p><strong>La science le prouve\u00a0:<\/strong><\/p>\n<p>Sur la vid\u00e9o ci-dessous, et sur l&rsquo;extrait de radio, les scientifiques prouvent bien que <strong>les traumatismes\u00a0<\/strong>viennent <strong>d\u00e9former l&rsquo;ADN sur plusieurs g\u00e9n\u00e9rations<\/strong>. La th\u00e9rapie peut r\u00e9tablir l&rsquo;ADN, en particulier la constellation familiale, car elle travaille sur les m\u00e9moires du<br \/>\nsyst\u00e8me familial. (\u00e0 partir de 16&rsquo;20\u00a0\u00bb)<\/p>\n<p><a href=\"http:\/\/www.rts.ch\/play\/tv\/le-journal-du-dimanche\/video\/des-chercheurs-de-lunige-ont-decouvert-que-les-abus-laissent-une-trace-biologique-dans-ladn-des-victimes?id=3745896&amp;startTime=0\" target=\"_blank\" rel=\"noopener\">Voir la video<\/a><\/p>\n<p><a href=\"https:\/\/www.lexpress.fr\/styles\/psycho\/comprendre-son-histoire-grace-a-la-constellation-familiale_2059760.html\" target=\"_blank\" rel=\"noopener\">Extrait de lexpress.fr<\/a><\/p>\n<header class=\"articleHeader \">\n<h1 class=\"articleTitle\"><a href=\"https:\/\/mobile.francetvinfo.fr\/replay-radio\/info-sante\/les-traumatismes-se-transmettent-de-generation-en-generation_1759495.html#xtor=CS2-765&amp;xtref=http:\/\/m.facebook.com\/\" target=\"_blank\" rel=\"noopener\">Extrait radio<\/a><\/h1>\n<section class=\"byline\">\n<div class=\"authors-list\">Par <span class=\"author\">franceinfo<\/span> \u2013 <span class=\"group\">Radio France<\/span><\/div>\n<p class=\"timestamp\">Mis \u00e0 jour le <time datetime=\"2014-05-14T14:35:00+02:00\">14\/05\/2014 | 14:35<\/time> \u2013 publi\u00e9 le <time datetime=\"2014-04-23T07:54:40+02:00\">23\/04\/2014 | 07:54<\/time><\/p>\n<\/section>\n<p class=\"chapo\">Les traumatismes v\u00e9cus par les parents ou les grands parents peuvent-ils laisser une empreinte biologique transmise de g\u00e9n\u00e9ration en g\u00e9n\u00e9ration ? Certains scientifiques commencent \u00e0 travailler s\u00e9rieusement sur cette hypoth\u00e8se. Parmi eux : Isabelle Mansuy, de l&rsquo;\u00e9cole polytechnique f\u00e9d\u00e9rale de Zurich, en Suisse.<\/p>\n<\/header>\n<section class=\"text\">Dans une \u00e9tude publi\u00e9e la semaine derni\u00e8re dans la revue Nature Neuroscience, la chercheuse et son \u00e9quipe ont montr\u00e9, chez des souris m\u00e2les, qu&rsquo;un stress intense dans les premiers jours de la vie modifie la composition cellulaires de leurs spermatozo\u00efdes de fa\u00e7on durable. Ces alt\u00e9rations se retrouvent m\u00eame chez les g\u00e9n\u00e9rations suivantes. R\u00e9sultat : leurs descendants, qui n&rsquo;ont subi aucun stress important, d\u00e9veloppent n\u00e9anmoins des troubles du comportement comparables \u00e0 ceux de leurs g\u00e9niteurs.<\/p>\n<hr \/>\n<p>Le protocole exp\u00e9rimental des chercheurs est le suivant : des jeunes souriceaux ont \u00e9t\u00e9 s\u00e9par\u00e9s de leurs m\u00e8res, de mani\u00e8re pr\u00e9coce. En grandissant, ils ont d\u00e9velopp\u00e9 des troubles assez comparables \u00e0 la d\u00e9pression : troubles de la m\u00e9moire, comportement d&rsquo;\u00e9vitement social, apathie, mais aussi parfois, un go\u00fbt pour la prise de risque inconsid\u00e9r\u00e9e. Les animaux s&rsquo;exposent \u00e0 des dangers plus grands que leurs cong\u00e9n\u00e8res sans montrer de peur, ce qui \u00e9voque les troubles de la personnalit\u00e9.<\/p>\n<p>En observant les deux g\u00e9n\u00e9rations suivantes, enfants et petits-enfants issus de ces m\u00e2les, les chercheurs ont constat\u00e9 qu&rsquo;ils souffraient des m\u00eames troubles du comportement, et parfois m\u00eame de mani\u00e8re plus prononc\u00e9e encore, alors que ces souris n&rsquo;avaient, elles, jamais subi de s\u00e9paration pr\u00e9coce d&rsquo;avec leur m\u00e8re.<\/p>\n<p>La transmission<\/p>\n<hr \/>\n<p>Dans le cerveau, dans le sang et dans les spermatozo\u00efdes, les chercheurs ont d\u00e9couvert des modifications bien pr\u00e9cises sur des mol\u00e9cules, les micro-ARN, qui interagissent avec l&rsquo;ADN.<\/p>\n<p>Cette transmission des exp\u00e9riences traumatisantes et ses cons\u00e9quences sur le comportement n&rsquo;est pas directement g\u00e9n\u00e9tique (il n&rsquo;y a pas de g\u00e8nes sp\u00e9cifiques pour ces troubles du comportement), et le support de l&rsquo;h\u00e9r\u00e9dit\u00e9 serait, ici, une famille de mol\u00e9cules qui influencent la fa\u00e7on dont les g\u00e8nes sont utilis\u00e9s par l&rsquo;organisme.<\/p>\n<p>La deuxi\u00e8me g\u00e9n\u00e9ration semble touch\u00e9e par des troubles du comportement plus s\u00e9v\u00e8res, car, selon Isabelle Mansuy, les alt\u00e9rations des micro-ARN sont pr\u00e9sentes d\u00e8s la conception, \u00e0 la diff\u00e9rence des premi\u00e8res souris traumatis\u00e9es, chez qui elles n&rsquo;apparaissent qu&rsquo;apr\u00e8s la s\u00e9paration d&rsquo;avec leur m\u00e8re.<\/p>\n<p>Pour la deuxi\u00e8me g\u00e9n\u00e9ration, l&rsquo;action des alt\u00e9rations se fait d\u00e9j\u00e0 sentir au cours du d\u00e9veloppement f\u0153tal et les troubles du comportement seraient donc plus marqu\u00e9s encore chez les descendants d&rsquo;animaux traumatis\u00e9s.<\/p>\n<h2 class=\"subheader\">Chez l&rsquo;homme<\/h2>\n<p>Cela fait presque dix ans que les neurobiologistes, les psychiatres et m\u00eame les g\u00e9n\u00e9ticiens tournent autour de cette id\u00e9e d&rsquo;une trace biologique laiss\u00e9e par les traumatismes chez l&rsquo;humain. L&rsquo;une des \u00e9tudes marquantes de ces derni\u00e8res ann\u00e9es a \u00e9t\u00e9 men\u00e9e au Canada, \u00e0 l&rsquo;universit\u00e9 Mc Gill. Des analyses ont \u00e9t\u00e9 faites sur des personnes victimes d&rsquo;abus sexuels et des particularit\u00e9s \u00ab\u00a0biologiques\u00a0\u00bb ont \u00e9t\u00e9 trouv\u00e9es. Certains g\u00e8nes li\u00e9s au stress ne fonctionnaient pas tout \u00e0 fait normalement.<\/p>\n<p>Mais, si ce marqueur a \u00e9t\u00e9 identifi\u00e9, la transmission biologique de cette vuln\u00e9rabilit\u00e9 au stress, elle, n&rsquo;a jamais \u00e9t\u00e9 observ\u00e9e jusqu&rsquo;\u00e0 pr\u00e9sent.<\/p>\n<\/section>\n<h1 class=\"title_alpha\">Comprendre son histoire gr\u00e2ce \u00e0 la constellation familiale<\/h1>\n<div class=\"signature\">\n<p>Par Leslie Rezzoug, publi\u00e9 le <time datetime=\"2019-02-04T07:00:00+02:00\">04\/02\/2019 \u00e0 07:00\u00a0<\/time>, mis \u00e0 jour \u00e0\u00a0<time datetime=\"2019-02-04T23:25:56+02:00\">23:25<\/time><\/p>\n<p>Extrait<\/p>\n<div>\n<h2 class=\"chapo title_gamma\">Cette th\u00e9rapie br\u00e8ve aide \u00e0 replonger dans l&rsquo;histoire de sa famille pour mieux s&rsquo;en affranchir.<\/h2>\n<article class=\"content article\">\n<div class=\"article_content\">\n<div class=\"article_full_container\">\n<div class=\"article_container\" data-amplitude-event=\"article-read\">\n<p>La m\u00e9thode de la constellation familiale fait partie des th\u00e9rapies br\u00e8ves. Elle a \u00e9t\u00e9 cr\u00e9\u00e9e dans les ann\u00e9es 1990 par Bert Hellinger. Cet ancien j\u00e9suite allemand a quitt\u00e9 la pr\u00eatrise et s&rsquo;est form\u00e9 \u00e0 la psychanalyse en Autriche. Au terme de ses \u00e9tudes, on lui a refus\u00e9 le titre de psychoth\u00e9rapeute. Il a d\u00e9cid\u00e9 de fonder sa propre technique.<\/p>\n<p>Sur le mod\u00e8le de la psycho g\u00e9n\u00e9alogie, les constellations familiales partent du postulat que nos difficult\u00e9s et nos n\u00e9vroses prennent racine dans notre histoire familiale. Des conflits non r\u00e9gl\u00e9s par les g\u00e9n\u00e9rations pr\u00e9c\u00e9dentes auraient des r\u00e9percussions sur notre pr\u00e9sent. \u00ab\u00a0Le but d&rsquo;une s\u00e9ance de constellation familiale est de faire \u00e9merger de l&rsquo;inconscient ces \u00e9l\u00e9ments structurels de la g\u00e9n\u00e9alogie et de potentiels \u00e9l\u00e9ments traumatiques\u00a0\u00bb, r\u00e9sume Jean-Christophe Benas, th\u00e9rapeute en constellation familiale. \u00ab\u00a0Je me souviens par exemple d&rsquo;une femme qui ne parvenait pas \u00e0 rester avec son compagnon, car dans sa lign\u00e9e, de nombreuses femmes avaient \u00e9t\u00e9 quitt\u00e9es. Elle en avait gard\u00e9 une m\u00e9fiance des hommes.\u00a0\u00bb<\/p>\n<div id=\"inread_l\" class=\"pub_content_display\">\u00a0Un jeu de r\u00f4les \u00e0 plusieurs ou avec des poup\u00e9es<\/div>\n<p>La constellation familiale se pratique en groupe ou en individuel aupr\u00e8s d&rsquo;un.e th\u00e9rapeute form\u00e9.e. Ce dernier prend d&rsquo;abord quelques minutes pour faire le point sur les motivations profondes qui animent le \u00ab\u00a0constell\u00e9\u00a0\u00bb. Ensuite, il lui demande de raconter le plus objectivement possible tout ce qu&rsquo;il sait sur l&rsquo;histoire de sa famille.<\/p>\n<div id=\"inread_ms\" class=\"pub_content_display\">\n<div id=\"div_inread_article\">\n<div id=\"sas_28990\" class=\"sas-ad--rendered\"><span style=\"font-size: revert; color: initial;\">Lors d&rsquo;une s\u00e9ance de groupe, les autres participants sont mis \u00e0 contribution. Ils deviennent les incarnations des membres de la famille. Le \u00ab\u00a0constell\u00e9\u00a0\u00bb doit y choisir un repr\u00e9sentant. Lors d&rsquo;une s\u00e9ance individuelle, ces derniers sont symbolis\u00e9s par des poup\u00e9es ou des ours en peluche. C&rsquo;est ce qu&rsquo;a exp\u00e9riment\u00e9 Mai, 40 ans, lors d&rsquo;une constellation avec son fr\u00e8re. \u00ab\u00a0Il y avait une centaine d&rsquo;ours dans la pi\u00e8ce, rang\u00e9s par ordre de taille. C&rsquo;\u00e9tait tr\u00e8s impressionnant. Il fallait ensuite les placer spontan\u00e9ment.\u00a0\u00bb<\/span><\/div>\n<\/div>\n<\/div>\n<p>En groupe, le fonctionnement est le m\u00eame. L&rsquo;animateur pose ensuite des questions pour faire r\u00e9agir les protagonistes de mani\u00e8re spontan\u00e9e. \u00ab\u00a0Il n&rsquo;y a pas de m\u00e9thode stricte, lance Jean-Christophe Benas. On t\u00e2tonne pour que chacun se sente en confiance et puisse se mettre \u00e0 la place de la personne qu&rsquo;il repr\u00e9sente.\u00a0\u00bb Durant ce jeu de r\u00f4les, le \u00ab\u00a0constell\u00e9\u00a0\u00bb demeure spectateur de la sc\u00e8ne. Cette mise \u00e0 distance lui permet de visualiser les m\u00e9canismes \u00e0 l&rsquo;\u0153uvre chez lui.<\/p>\n<p>\u00ab\u00a0Une fois les ours en peluche positionn\u00e9s, la th\u00e9rapeute m&rsquo;a dit que personne n&rsquo;avait la bonne taille ni la bonne place\u00a0\u00bb, reprend Mai. Le but est de remettre mentalement la constellation dans le bon ordre pour qu&rsquo;elle soit juste pour nous. Il arrive fr\u00e9quemment que les enfants se comportent comme les parents de leurs parents.\u00a0\u00bb<\/p>\n<h3 class=\"intertitre title_delta\">Article d&rsquo;Happynez<\/h3>\n<p><a href=\"https:\/\/isabellelassegue.com\/wp-content\/uploads\/2018\/07\/Article-happyness-Aout-2018-Le-pouvoir-des-Constellations-Familiales.pdf\" target=\"_blank\" rel=\"noopener\">Article happyness Aout 2018 &#8211; Le pouvoir des Constellations Familiales<\/a><\/p>\n<p><a href=\"https:\/\/isabellelassegue.com\/index.php\/genogramme-transmission-familiales-constellation-repetition-genealogie-part-des-ancetres\/\">et des r\u00e9f\u00e9rences de livres sur la page Psychog\u00e9n\u00e9alogie et G\u00e9nosociogramme (en cliquant ici)<\/a><\/p>\n<\/div>\n<\/div>\n<\/div>\n<section class=\"aside\">\n<section id=\"placeholder_aside_alpha\">\n<div class=\"block_pub_pave1_container\"><\/div>\n<\/section>\n<\/section>\n<\/article>\n<\/div>\n<\/div>\n<p><!--more--><\/p>\n","protected":false},"excerpt":{"rendered":"<p>Constellation Familiale &#8211; Professionnelle et\u00a0 Syst\u00e9mique Nous faisons partie de diff\u00e9rents syst\u00e8mes : familial, professionnel (entreprise, \u00e9quipe, association,&#8230;), amical\u2026 Parfois, un syst\u00e8me se grippe, se bloque. D\u2019anciens conflits non r\u00e9solus se r\u00e9p\u00e8tent et nous aveuglent. La constellation syst\u00e9mique d\u00e9c\u00e8le et d\u00e9noue ces blocages inconscients rapidement. Elle restaure l\u2019\u00e9quilibre et le flux de la vie. La &hellip; <a href=\"https:\/\/isabellelassegue.com\/index.php\/constellation-systemique\/\" class=\"more-link\">Continuer la lecture de <span class=\"screen-reader-text\">Constellation Familiale &#8211; Professionnelle et Syst\u00e9mique<\/span> <span class=\"meta-nav\">&rarr;<\/span><\/a><\/p>\n","protected":false},"author":1,"featured_media":0,"parent":0,"menu_order":0,"comment_status":"closed","ping_status":"closed","template":"","meta":[],"yoast_head":"<!-- This site is optimized with the Yoast SEO plugin v19.10 - https:\/\/yoast.com\/wordpress\/plugins\/seo\/ -->\n<title>Constellation Familiale - Professionnelle et Syst\u00e9mique - Isabelle Lass\u00e8gue Astroth\u00e9rapeute<\/title>\n<meta name=\"robots\" content=\"index, follow, max-snippet:-1, max-image-preview:large, max-video-preview:-1\" \/>\n<link rel=\"canonical\" href=\"https:\/\/isabellelassegue.com\/index.php\/constellation-systemique\/\" \/>\n<meta property=\"og:locale\" content=\"fr_FR\" \/>\n<meta property=\"og:type\" content=\"article\" \/>\n<meta property=\"og:title\" content=\"Constellation Familiale - Professionnelle et Syst\u00e9mique - Isabelle Lass\u00e8gue Astroth\u00e9rapeute\" \/>\n<meta property=\"og:description\" content=\"Constellation Familiale &#8211; Professionnelle et\u00a0 Syst\u00e9mique Nous faisons partie de diff\u00e9rents syst\u00e8mes : familial, professionnel (entreprise, \u00e9quipe, association,&#8230;), amical\u2026 Parfois, un syst\u00e8me se grippe, se bloque. D\u2019anciens conflits non r\u00e9solus se r\u00e9p\u00e8tent et nous aveuglent. La constellation syst\u00e9mique d\u00e9c\u00e8le et d\u00e9noue ces blocages inconscients rapidement. Elle restaure l\u2019\u00e9quilibre et le flux de la vie. La &hellip; Continuer la lecture de Constellation Familiale &#8211; Professionnelle et Syst\u00e9mique &rarr;\" \/>\n<meta property=\"og:url\" content=\"https:\/\/isabellelassegue.com\/index.php\/constellation-systemique\/\" \/>\n<meta property=\"og:site_name\" content=\"Isabelle Lass\u00e8gue Astroth\u00e9rapeute\" \/>\n<meta property=\"article:modified_time\" content=\"2024-02-25T19:03:13+00:00\" \/>\n<meta property=\"og:image\" content=\"http:\/\/isabellelassegue.com\/wp-content\/uploads\/2015\/11\/la-famille.jpg\" \/>\n<meta name=\"twitter:card\" content=\"summary_large_image\" \/>\n<meta name=\"twitter:label1\" content=\"Dur\u00e9e de lecture estim\u00e9e\" \/>\n\t<meta name=\"twitter:data1\" content=\"9 minutes\" \/>\n<script type=\"application\/ld+json\" class=\"yoast-schema-graph\">{\"@context\":\"https:\/\/schema.org\",\"@graph\":[{\"@type\":\"WebPage\",\"@id\":\"https:\/\/isabellelassegue.com\/index.php\/constellation-systemique\/\",\"url\":\"https:\/\/isabellelassegue.com\/index.php\/constellation-systemique\/\",\"name\":\"Constellation Familiale - Professionnelle et Syst\u00e9mique - Isabelle Lass\u00e8gue Astroth\u00e9rapeute\",\"isPartOf\":{\"@id\":\"https:\/\/isabellelassegue.com\/#website\"},\"datePublished\":\"2015-11-03T22:05:54+00:00\",\"dateModified\":\"2024-02-25T19:03:13+00:00\",\"breadcrumb\":{\"@id\":\"https:\/\/isabellelassegue.com\/index.php\/constellation-systemique\/#breadcrumb\"},\"inLanguage\":\"fr-FR\",\"potentialAction\":[{\"@type\":\"ReadAction\",\"target\":[\"https:\/\/isabellelassegue.com\/index.php\/constellation-systemique\/\"]}]},{\"@type\":\"BreadcrumbList\",\"@id\":\"https:\/\/isabellelassegue.com\/index.php\/constellation-systemique\/#breadcrumb\",\"itemListElement\":[{\"@type\":\"ListItem\",\"position\":1,\"name\":\"Accueil\",\"item\":\"https:\/\/isabellelassegue.com\/\"},{\"@type\":\"ListItem\",\"position\":2,\"name\":\"Constellation Familiale &#8211; Professionnelle et Syst\u00e9mique\"}]},{\"@type\":\"WebSite\",\"@id\":\"https:\/\/isabellelassegue.com\/#website\",\"url\":\"https:\/\/isabellelassegue.com\/\",\"name\":\"Isabelle Lass\u00e8gue Astroth\u00e9rapeute\",\"description\":\"Mettre du sens, Savourer son unique\",\"potentialAction\":[{\"@type\":\"SearchAction\",\"target\":{\"@type\":\"EntryPoint\",\"urlTemplate\":\"https:\/\/isabellelassegue.com\/?s={search_term_string}\"},\"query-input\":\"required name=search_term_string\"}],\"inLanguage\":\"fr-FR\"}]}<\/script>\n<!-- \/ Yoast SEO plugin. -->","yoast_head_json":{"title":"Constellation Familiale - Professionnelle et Syst\u00e9mique - Isabelle Lass\u00e8gue Astroth\u00e9rapeute","robots":{"index":"index","follow":"follow","max-snippet":"max-snippet:-1","max-image-preview":"max-image-preview:large","max-video-preview":"max-video-preview:-1"},"canonical":"https:\/\/isabellelassegue.com\/index.php\/constellation-systemique\/","og_locale":"fr_FR","og_type":"article","og_title":"Constellation Familiale - Professionnelle et Syst\u00e9mique - Isabelle Lass\u00e8gue Astroth\u00e9rapeute","og_description":"Constellation Familiale &#8211; Professionnelle et\u00a0 Syst\u00e9mique Nous faisons partie de diff\u00e9rents syst\u00e8mes : familial, professionnel (entreprise, \u00e9quipe, association,&#8230;), amical\u2026 Parfois, un syst\u00e8me se grippe, se bloque. D\u2019anciens conflits non r\u00e9solus se r\u00e9p\u00e8tent et nous aveuglent. La constellation syst\u00e9mique d\u00e9c\u00e8le et d\u00e9noue ces blocages inconscients rapidement. Elle restaure l\u2019\u00e9quilibre et le flux de la vie. La &hellip; Continuer la lecture de Constellation Familiale &#8211; Professionnelle et Syst\u00e9mique &rarr;","og_url":"https:\/\/isabellelassegue.com\/index.php\/constellation-systemique\/","og_site_name":"Isabelle Lass\u00e8gue Astroth\u00e9rapeute","article_modified_time":"2024-02-25T19:03:13+00:00","og_image":[{"url":"http:\/\/isabellelassegue.com\/wp-content\/uploads\/2015\/11\/la-famille.jpg"}],"twitter_card":"summary_large_image","twitter_misc":{"Dur\u00e9e de lecture estim\u00e9e":"9 minutes"},"schema":{"@context":"https:\/\/schema.org","@graph":[{"@type":"WebPage","@id":"https:\/\/isabellelassegue.com\/index.php\/constellation-systemique\/","url":"https:\/\/isabellelassegue.com\/index.php\/constellation-systemique\/","name":"Constellation Familiale - Professionnelle et Syst\u00e9mique - Isabelle Lass\u00e8gue Astroth\u00e9rapeute","isPartOf":{"@id":"https:\/\/isabellelassegue.com\/#website"},"datePublished":"2015-11-03T22:05:54+00:00","dateModified":"2024-02-25T19:03:13+00:00","breadcrumb":{"@id":"https:\/\/isabellelassegue.com\/index.php\/constellation-systemique\/#breadcrumb"},"inLanguage":"fr-FR","potentialAction":[{"@type":"ReadAction","target":["https:\/\/isabellelassegue.com\/index.php\/constellation-systemique\/"]}]},{"@type":"BreadcrumbList","@id":"https:\/\/isabellelassegue.com\/index.php\/constellation-systemique\/#breadcrumb","itemListElement":[{"@type":"ListItem","position":1,"name":"Accueil","item":"https:\/\/isabellelassegue.com\/"},{"@type":"ListItem","position":2,"name":"Constellation Familiale &#8211; Professionnelle et Syst\u00e9mique"}]},{"@type":"WebSite","@id":"https:\/\/isabellelassegue.com\/#website","url":"https:\/\/isabellelassegue.com\/","name":"Isabelle Lass\u00e8gue Astroth\u00e9rapeute","description":"Mettre du sens, Savourer son unique","potentialAction":[{"@type":"SearchAction","target":{"@type":"EntryPoint","urlTemplate":"https:\/\/isabellelassegue.com\/?s={search_term_string}"},"query-input":"required name=search_term_string"}],"inLanguage":"fr-FR"}]}},"_links":{"self":[{"href":"https:\/\/isabellelassegue.com\/index.php\/wp-json\/wp\/v2\/pages\/56"}],"collection":[{"href":"https:\/\/isabellelassegue.com\/index.php\/wp-json\/wp\/v2\/pages"}],"about":[{"href":"https:\/\/isabellelassegue.com\/index.php\/wp-json\/wp\/v2\/types\/page"}],"author":[{"embeddable":true,"href":"https:\/\/isabellelassegue.com\/index.php\/wp-json\/wp\/v2\/users\/1"}],"replies":[{"embeddable":true,"href":"https:\/\/isabellelassegue.com\/index.php\/wp-json\/wp\/v2\/comments?post=56"}],"version-history":[{"count":24,"href":"https:\/\/isabellelassegue.com\/index.php\/wp-json\/wp\/v2\/pages\/56\/revisions"}],"predecessor-version":[{"id":1022,"href":"https:\/\/isabellelassegue.com\/index.php\/wp-json\/wp\/v2\/pages\/56\/revisions\/1022"}],"wp:attachment":[{"href":"https:\/\/isabellelassegue.com\/index.php\/wp-json\/wp\/v2\/media?parent=56"}],"curies":[{"name":"wp","href":"https:\/\/api.w.org\/{rel}","templated":true}]}}